{"id":21,"date":"2015-11-10T14:36:27","date_gmt":"2015-11-10T14:36:27","guid":{"rendered":"http:\/\/romania.ggb.lv\/?page_id=21"},"modified":"2021-02-26T14:09:07","modified_gmt":"2021-02-26T14:09:07","slug":"culture","status":"publish","type":"page","link":"https:\/\/romaniahonconsulate.lv\/lv\/culture\/","title":{"rendered":"Kult\u016bra"},"content":{"rendered":"<p><\/p>\n<p style=\"text-align: justify;\">Rum\u0101nijas prezidenta kundze Karmena Johannisa (Carmen Iohannis) kop\u0101 ar Francijas Prezidenta kundzi Bri\u017eitu Makronu (Brigitte Macron) apbr\u012bno rum\u0101\u0146u tautas t\u0113rpus Ciema muzej\u0101 (<a href=\"http:\/\/muzeul-satului.ro\/en\/\">http:\/\/muzeul-satului.ro\/en\/<\/a>)<\/p>\n<p style=\"text-align: justify;\"><a href=\"http:\/\/romaniahonconsulate.lv\/wp-content\/uploads\/2015\/11\/original_fotografii_octav_ganea_17.jpg\"><img loading=\"lazy\" class=\"alignnone size-medium wp-image-916\" src=\"http:\/\/romaniahonconsulate.lv\/wp-content\/uploads\/2015\/11\/original_fotografii_octav_ganea_17-300x200.jpg\" alt=\"original_fotografii_octav_ganea_17\" width=\"300\" height=\"200\" srcset=\"https:\/\/romaniahonconsulate.lv\/wp-content\/uploads\/2015\/11\/original_fotografii_octav_ganea_17-300x200.jpg 300w, https:\/\/romaniahonconsulate.lv\/wp-content\/uploads\/2015\/11\/original_fotografii_octav_ganea_17-1024x683.jpg 1024w, https:\/\/romaniahonconsulate.lv\/wp-content\/uploads\/2015\/11\/original_fotografii_octav_ganea_17-700x467.jpg 700w\" sizes=\"(max-width: 300px) 100vw, 300px\" \/><\/a><\/p>\n<p style=\"text-align: justify;\">Slavenais rum\u0101\u0146u m\u0101kslinieks <strong>Adrians Genie<\/strong> (Adrian Ghenie)<\/p>\n<p style=\"text-align: justify;\"><a href=\"http:\/\/romaniahonconsulate.lv\/wp-content\/uploads\/2015\/11\/Adrian-Ghenie-Profile-image.jpg\"><img loading=\"lazy\" class=\"alignnone size-medium wp-image-909\" src=\"http:\/\/romaniahonconsulate.lv\/wp-content\/uploads\/2015\/11\/Adrian-Ghenie-Profile-image-300x150.jpg\" alt=\"Adrian-Ghenie-Profile-image\" width=\"300\" height=\"150\" srcset=\"https:\/\/romaniahonconsulate.lv\/wp-content\/uploads\/2015\/11\/Adrian-Ghenie-Profile-image-300x150.jpg 300w, https:\/\/romaniahonconsulate.lv\/wp-content\/uploads\/2015\/11\/Adrian-Ghenie-Profile-image-1024x512.jpg 1024w, https:\/\/romaniahonconsulate.lv\/wp-content\/uploads\/2015\/11\/Adrian-Ghenie-Profile-image-700x350.jpg 700w, https:\/\/romaniahonconsulate.lv\/wp-content\/uploads\/2015\/11\/Adrian-Ghenie-Profile-image.jpg 1200w\" sizes=\"(max-width: 300px) 100vw, 300px\" \/><\/a><\/p>\n<p style=\"text-align: justify;\">Vair\u0101k inform\u0101cijas: <a href=\"http:\/\/www.pacegallery.com\/artists\/144\/adrian-ghenie\">http:\/\/www.pacegallery.com\/artists\/144\/adrian-ghenie<\/a><\/p>\n<p style=\"text-align: justify;\">Rum\u0101nijai ir aptuveni divdesmit Rum\u0101nijas Kult\u016bras instit\u016btu vis\u0101 pasaul\u0113. L\u016bdzam apmekl\u0113t interneta m\u0101jas lapu, lai uzzin\u0101tu vair\u0101k par jaunumiem vis\u0101s rum\u0101\u0146u kult\u016bras jom\u0101s: <a href=\"http:\/\/icr.ro\/\">http:\/\/icr.ro\/<\/a><\/p>\n<p style=\"text-align: justify;\">Katru gadu universit\u0101tes Rum\u0101nij\u0101 r\u012bko vasaras skolas rum\u0101\u0146u valodas, kult\u016bras un civiliz\u0101cijas apg\u016b\u0161anai. Programma ietver sev\u012b ne tikai intens\u012bvus rum\u0101\u0146u valodas apguves kursus da\u017e\u0101diem l\u012bme\u0146iem, bet ar\u012b pla\u0161u kult\u016bras programmu ar izbraucieniem, ekskursij\u0101m un kult\u016bru vakariem. T\u0101 piem\u0113ram, Bukarestes Universit\u0101te ir ieguvusi atzinumu par \u0161\u0101du vasaras skolu r\u012bko\u0161anu nu jau pusgadsimta garum\u0101: <a href=\"http:\/\/www.unibuc.ro\/e\/n\/studii\/summ-scho\/index.php\">http:\/\/www.unibuc.ro\/e\/n\/studii\/summ-scho\/index.php<\/a><\/p>\n<p style=\"text-align: justify;\">Programma tulkojumu un publik\u0101ciju atbalstam pal\u012bdz ieg\u016bt finans\u0113jumu \u0101rvalstu izdevniec\u012bb\u0101m, kas v\u0113las public\u0113t rum\u0101\u0146u autoru darbus. Vair\u0101k inform\u0101cijas: <a href=\"http:\/\/cennac.ro\/anunturi\/tps-1\/prezentare-12\">http:\/\/cennac.ro\/anunturi\/tps-1\/prezentare-12<\/a><\/p>\n<p style=\"text-align: justify;\">Inform\u0101cija par studiju iesp\u0113j\u0101m Rum\u0101nij\u0101: <a href=\"https:\/\/www.studyinromania.gov.ro\/fp\/index.php\">https:\/\/www.studyinromania.gov.ro\/fp\/index.php<\/a>?<\/p>\n<p style=\"text-align: justify;\"><a href=\"http:\/\/www.studyinginromania.com\/\">http:\/\/www.studyinginromania.com\/<\/a><\/p>\n<p style=\"text-align: justify;\">Interakt\u012bv\u0101 karte ar Transilv\u0101nijas (Rum\u0101nija) skaist\u0101kaj\u0101m nocietin\u0101t\u0101m bazn\u012bc\u0101m (pieejams video): <a href=\"http:\/\/arcg.is\/2vF3DD5\">http:\/\/arcg.is\/2vF3DD5<\/a><\/p>\n<p><\/p>","protected":false},"excerpt":{"rendered":"<p>Rum\u0101nijas prezidenta kundze Karmena Johannisa (Carmen Iohannis) kop\u0101 ar Francijas Prezidenta kundzi Bri\u017eitu Makronu (Brigitte Macron) apbr\u012bno rum\u0101\u0146u tautas t\u0113rpus Ciema muzej\u0101 (http:\/\/muzeul-satului.ro\/en\/) Slavenais rum\u0101\u0146u m\u0101kslinieks Adrians Genie (Adrian Ghenie) Vair\u0101k inform\u0101cijas: http:\/\/www.pacegallery.com\/artists\/144\/adrian-ghenie Rum\u0101nijai ir aptuveni divdesmit Rum\u0101nijas Kult\u016bras instit\u016btu vis\u0101 pasaul\u0113. L\u016bdzam apmekl\u0113t interneta m\u0101jas lapu, lai uzzin\u0101tu vair\u0101k &#8230;<\/p>\n","protected":false},"author":4,"featured_media":0,"parent":0,"menu_order":0,"comment_status":"closed","ping_status":"closed","template":"","meta":{"ngg_post_thumbnail":0},"_links":{"self":[{"href":"https:\/\/romaniahonconsulate.lv\/lv\/wp-json\/wp\/v2\/pages\/21"}],"collection":[{"href":"https:\/\/romaniahonconsulate.lv\/lv\/wp-json\/wp\/v2\/pages"}],"about":[{"href":"https:\/\/romaniahonconsulate.lv\/lv\/wp-json\/wp\/v2\/types\/page"}],"author":[{"embeddable":true,"href":"https:\/\/romaniahonconsulate.lv\/lv\/wp-json\/wp\/v2\/users\/4"}],"replies":[{"embeddable":true,"href":"https:\/\/romaniahonconsulate.lv\/lv\/wp-json\/wp\/v2\/comments?post=21"}],"version-history":[{"count":27,"href":"https:\/\/romaniahonconsulate.lv\/lv\/wp-json\/wp\/v2\/pages\/21\/revisions"}],"predecessor-version":[{"id":1768,"href":"https:\/\/romaniahonconsulate.lv\/lv\/wp-json\/wp\/v2\/pages\/21\/revisions\/1768"}],"wp:attachment":[{"href":"https:\/\/romaniahonconsulate.lv\/lv\/wp-json\/wp\/v2\/media?parent=21"}],"curies":[{"name":"wp","href":"https:\/\/api.w.org\/{rel}","templated":true}]}}